{"id":1866,"date":"2020-09-25T05:54:38","date_gmt":"2020-09-25T03:54:38","guid":{"rendered":"http:\/\/festivaldelinde.org\/fr\/?page_id=1866"},"modified":"2020-10-01T05:09:37","modified_gmt":"2020-10-01T03:09:37","slug":"srila-prabhupada","status":"publish","type":"page","link":"https:\/\/festivaldelinde.org\/fr\/srila-prabhupada\/","title":{"rendered":"Srila Prabhupada"},"content":{"rendered":"\t\t<div data-elementor-type=\"wp-post\" data-elementor-id=\"1866\" class=\"elementor elementor-1866\" data-elementor-settings=\"{&quot;ha_cmc_init_switcher&quot;:&quot;no&quot;}\" data-elementor-post-type=\"page\">\n\t\t\t\t\t\t<section class=\"elementor-section elementor-top-section elementor-element elementor-element-9aef642 elementor-section-height-min-height elementor-section-boxed elementor-section-height-default elementor-section-items-middle\" data-id=\"9aef642\" data-element_type=\"section\" data-settings=\"{&quot;background_background&quot;:&quot;gradient&quot;,&quot;shape_divider_bottom&quot;:&quot;waves&quot;,&quot;_ha_eqh_enable&quot;:false}\">\n\t\t\t\t\t\t\t<div class=\"elementor-background-overlay\"><\/div>\n\t\t\t\t\t\t<div class=\"elementor-shape elementor-shape-bottom\" aria-hidden=\"true\" data-negative=\"false\">\n\t\t\t<svg xmlns=\"http:\/\/www.w3.org\/2000\/svg\" viewBox=\"0 0 1000 100\" preserveAspectRatio=\"none\">\n\t<path class=\"elementor-shape-fill\" d=\"M421.9,6.5c22.6-2.5,51.5,0.4,75.5,5.3c23.6,4.9,70.9,23.5,100.5,35.7c75.8,32.2,133.7,44.5,192.6,49.7\n\tc23.6,2.1,48.7,3.5,103.4-2.5c54.7-6,106.2-25.6,106.2-25.6V0H0v30.3c0,0,72,32.6,158.4,30.5c39.2-0.7,92.8-6.7,134-22.4\n\tc21.2-8.1,52.2-18.2,79.7-24.2C399.3,7.9,411.6,7.5,421.9,6.5z\"\/>\n<\/svg>\t\t<\/div>\n\t\t\t\t\t<div class=\"elementor-container elementor-column-gap-default\">\n\t\t\t\t\t<div class=\"elementor-column elementor-col-100 elementor-top-column elementor-element elementor-element-ca80aaa\" data-id=\"ca80aaa\" data-element_type=\"column\">\n\t\t\t<div class=\"elementor-widget-wrap elementor-element-populated\">\n\t\t\t\t\t\t<div class=\"elementor-element elementor-element-cf11cb3 elementor-widget elementor-widget-heading\" data-id=\"cf11cb3\" data-element_type=\"widget\" data-widget_type=\"heading.default\">\n\t\t\t\t<div class=\"elementor-widget-container\">\n\t\t\t\t\t<h1 class=\"elementor-heading-title elementor-size-default\">Srila Prabhupada<\/h1>\t\t\t\t<\/div>\n\t\t\t\t<\/div>\n\t\t\t\t\t<\/div>\n\t\t<\/div>\n\t\t\t\t\t<\/div>\n\t\t<\/section>\n\t\t\t\t<section class=\"elementor-section elementor-top-section elementor-element elementor-element-4babc592 elementor-section-boxed elementor-section-height-default elementor-section-height-default\" data-id=\"4babc592\" data-element_type=\"section\" data-settings=\"{&quot;_ha_eqh_enable&quot;:false}\">\n\t\t\t\t\t\t<div class=\"elementor-container elementor-column-gap-default\">\n\t\t\t\t\t<div class=\"elementor-column elementor-col-25 elementor-top-column elementor-element elementor-element-78673127\" data-id=\"78673127\" data-element_type=\"column\">\n\t\t\t<div class=\"elementor-widget-wrap elementor-element-populated\">\n\t\t\t\t\t\t<div class=\"elementor-element elementor-element-9bbc2d2 elementor-widget elementor-widget-image\" data-id=\"9bbc2d2\" data-element_type=\"widget\" data-widget_type=\"image.default\">\n\t\t\t\t<div class=\"elementor-widget-container\">\n\t\t\t\t\t\t\t\t\t\t\t\t\t\t\t<img decoding=\"async\" src=\"https:\/\/festivaldelinde.org\/fr\/wp-content\/uploads\/elementor\/thumbs\/Smiling-Japa-r5ewmcclitrk4myxq2zv9ljuafcuf10c0gdihg2psa.jpg\" title=\"Smiling-Japa\" alt=\"Smiling-Japa\" loading=\"lazy\" \/>\t\t\t\t\t\t\t\t\t\t\t\t\t\t\t<\/div>\n\t\t\t\t<\/div>\n\t\t\t\t\t<\/div>\n\t\t<\/div>\n\t\t\t\t<div class=\"elementor-column elementor-col-25 elementor-top-column elementor-element elementor-element-1d56275\" data-id=\"1d56275\" data-element_type=\"column\">\n\t\t\t<div class=\"elementor-widget-wrap elementor-element-populated\">\n\t\t\t\t\t\t<div class=\"elementor-element elementor-element-bc32f7d elementor-widget elementor-widget-image\" data-id=\"bc32f7d\" data-element_type=\"widget\" data-widget_type=\"image.default\">\n\t\t\t\t<div class=\"elementor-widget-container\">\n\t\t\t\t\t\t\t\t\t\t\t\t\t\t\t<img decoding=\"async\" src=\"https:\/\/festivaldelinde.org\/fr\/wp-content\/uploads\/elementor\/thumbs\/Lecture-r5ewmcclitrk4myxq2zv9ljuafcuf10c0gdihg2psa.jpg\" title=\"Lecture\" alt=\"Lecture\" loading=\"lazy\" \/>\t\t\t\t\t\t\t\t\t\t\t\t\t\t\t<\/div>\n\t\t\t\t<\/div>\n\t\t\t\t\t<\/div>\n\t\t<\/div>\n\t\t\t\t<div class=\"elementor-column elementor-col-25 elementor-top-column elementor-element elementor-element-9c4f2ea\" data-id=\"9c4f2ea\" data-element_type=\"column\">\n\t\t\t<div class=\"elementor-widget-wrap elementor-element-populated\">\n\t\t\t\t\t\t<div class=\"elementor-element elementor-element-68ab05e elementor-widget elementor-widget-image\" data-id=\"68ab05e\" data-element_type=\"widget\" data-widget_type=\"image.default\">\n\t\t\t\t<div class=\"elementor-widget-container\">\n\t\t\t\t\t\t\t\t\t\t\t\t\t\t\t<img decoding=\"async\" src=\"https:\/\/festivaldelinde.org\/fr\/wp-content\/uploads\/elementor\/thumbs\/Author-r5ewmcclitrk4myxq2zv9ljuafcuf10c0gdihg2psa.jpg\" title=\"Author\" alt=\"Author\" loading=\"lazy\" \/>\t\t\t\t\t\t\t\t\t\t\t\t\t\t\t<\/div>\n\t\t\t\t<\/div>\n\t\t\t\t\t<\/div>\n\t\t<\/div>\n\t\t\t\t<div class=\"elementor-column elementor-col-25 elementor-top-column elementor-element elementor-element-896dab7\" data-id=\"896dab7\" data-element_type=\"column\">\n\t\t\t<div class=\"elementor-widget-wrap elementor-element-populated\">\n\t\t\t\t\t\t<div class=\"elementor-element elementor-element-97d58a6 elementor-widget elementor-widget-image\" data-id=\"97d58a6\" data-element_type=\"widget\" data-widget_type=\"image.default\">\n\t\t\t\t<div class=\"elementor-widget-container\">\n\t\t\t\t\t\t\t\t\t\t\t\t\t\t\t<img decoding=\"async\" src=\"https:\/\/festivaldelinde.org\/fr\/wp-content\/uploads\/elementor\/thumbs\/Looking-r5ewmcclitrk4myxq2zv9ljuafcuf10c0gdihg2psa.jpg\" title=\"Looking\" alt=\"Looking\" loading=\"lazy\" \/>\t\t\t\t\t\t\t\t\t\t\t\t\t\t\t<\/div>\n\t\t\t\t<\/div>\n\t\t\t\t\t<\/div>\n\t\t<\/div>\n\t\t\t\t\t<\/div>\n\t\t<\/section>\n\t\t\t\t<section class=\"elementor-section elementor-top-section elementor-element elementor-element-8f3a570 elementor-section-boxed elementor-section-height-default elementor-section-height-default\" data-id=\"8f3a570\" data-element_type=\"section\" data-settings=\"{&quot;_ha_eqh_enable&quot;:false}\">\n\t\t\t\t\t\t<div class=\"elementor-container elementor-column-gap-default\">\n\t\t\t\t\t<div class=\"elementor-column elementor-col-100 elementor-top-column elementor-element elementor-element-e8c2bfe\" data-id=\"e8c2bfe\" data-element_type=\"column\">\n\t\t\t<div class=\"elementor-widget-wrap elementor-element-populated\">\n\t\t\t\t\t\t<div class=\"elementor-element elementor-element-9fd2d7b elementor-widget elementor-widget-text-editor\" data-id=\"9fd2d7b\" data-element_type=\"widget\" data-widget_type=\"text-editor.default\">\n\t\t\t\t<div class=\"elementor-widget-container\">\n\t\t\t\t\t\t\t\t\t<p>Srila Prabhupada naquit Abhay Charan De le 1er septembre 1896 \u00e0 Calcutta, en Inde. En 1922, il rencontra son ma\u00eetre spirituel, Srila Bhaktisiddhanta Sarasvati, un \u00e9minent ma\u00eetre et \u00e9rudit dans la lign\u00e9e Gaudiya Vaishnava. \u00c0 l&#8217;occasion de cette premi\u00e8re rencontre, il demanda \u00e0 Abhay de diffuser les enseignements de Sri Krishna dans le monde entier, ce qui le marqua profond\u00e9ment. En 1933, il devint officiellement disciple de Srila Bhaktisiddhanta et fit la r\u00e9solution de combler les d\u00e9sirs de son ma\u00eetre spirituel en continuant sa mission. Abhay, qui fut plus tard connu par son titre honorifique A.C. Bhaktivedanta Swami Prabhupada, passa les 32 ann\u00e9es qui suivirent \u00e0 pr\u00e9parer son voyage en occident.<\/p>\n<p>En 1965, \u00e2g\u00e9 de soixante-neuf ans, Srila Prabhupada traversa l\u2019atlantique afin d\u2019apporter le message de son ma\u00eetre spirituel au monde occidental. Seul et sans argent, il ne poss\u00e9dait que ses livres et une foi in\u00e9branlable en la vision de son ma\u00eetre spirituel. Apr\u00e8s une ann\u00e9e de difficult\u00e9s, \u00e0 New York, il transforma une boutique en temple avec l\u2019aide de quelques jeunes sympathisants et fonda l\u2019ISKCON (l\u2019Association Internationale pour la Conscience de Krishna) le 13 Juillet 1966.<\/p>\n<p>De 1966 \u00e0 1977, Srila Prabhupada fit quatorze fois le tour de la terre pour donner des conf\u00e9rences sur les enseignements de Sri Krishna &#8211; qu&#8217;il incarnait parfaitement &#8211; touchant ainsi des milliers de personnes. Hommes et femmes de tous milieux accept\u00e8rent son message, et, profond\u00e9ment inspir\u00e9s par son exemple et sa compassion, ils \u00e9tablirent des temples, des communaut\u00e9s rurales et des restaurants v\u00e9g\u00e9tariens tout autour du globe.<\/p>\n<p class=\" translation-block\">Pendant ce temps, il continuait \u00e0 \u00e9crire des livres la nuit, malgr\u00e9 son emploi du temps tr\u00e8s charg\u00e9. Ainsi, 80 volumes furent publi\u00e9s et traduits en 76 langues. Ces livres, dont les plus connus sont la\u00a0<i>Bhagavad-Gita Telle qu&#8217;Elle Est<\/i>\u00a0et le\u00a0<i>Srimad-Bhagavatam<\/i>, constituent une v\u00e9ritable biblioth\u00e8que de sagesse v\u00e9dique et sont tr\u00e8s respect\u00e9s pour leur authenticit\u00e9, leur profondeur et leur fid\u00e9lit\u00e9 \u00e0 la tradition. Ils ont \u00e9t\u00e9 appr\u00e9ci\u00e9s par de nombreux \u00e9rudits contemporains et sont utilis\u00e9s comme ouvrages de r\u00e9f\u00e9rence dans de nombreuses universit\u00e9s.<\/p>\n<p>La Nouvelle Mayapur \u00e9pouse les instructions et la vision de Srila Prabhupada, qui pr\u00e9conisait une vie simple et de hautes pens\u00e9es. Tous les jours, nous y c\u00e9l\u00e9brons le cadeau de cette tradition de la Bhakti qu\u2019il est venu apporter \u00e0 l\u2019humanit\u00e9.<\/p>\t\t\t\t\t\t\t\t<\/div>\n\t\t\t\t<\/div>\n\t\t\t\t<div class=\"elementor-element elementor-element-8fcc565 elementor-mobile-align-center elementor-align-center elementor-widget elementor-widget-button\" data-id=\"8fcc565\" data-element_type=\"widget\" data-widget_type=\"button.default\">\n\t\t\t\t<div class=\"elementor-widget-container\">\n\t\t\t\t\t\t\t\t\t<div class=\"elementor-button-wrapper\">\n\t\t\t\t\t<a class=\"elementor-button elementor-button-link elementor-size-md\" href=\"https:\/\/www.srilaprabhupada.fr\/\" target=\"_blank\">\n\t\t\t\t\t\t<span class=\"elementor-button-content-wrapper\">\n\t\t\t\t\t\t<span class=\"elementor-button-icon\">\n\t\t\t\t<i aria-hidden=\"true\" class=\"fas fa-arrow-right\"><\/i>\t\t\t<\/span>\n\t\t\t\t\t\t\t\t\t<span class=\"elementor-button-text\">En Savoir Plus<\/span>\n\t\t\t\t\t<\/span>\n\t\t\t\t\t<\/a>\n\t\t\t\t<\/div>\n\t\t\t\t\t\t\t\t<\/div>\n\t\t\t\t<\/div>\n\t\t\t\t\t<\/div>\n\t\t<\/div>\n\t\t\t\t\t<\/div>\n\t\t<\/section>\n\t\t\t\t<section class=\"elementor-section elementor-top-section elementor-element elementor-element-c2fc93a elementor-section-boxed elementor-section-height-default elementor-section-height-default\" data-id=\"c2fc93a\" data-element_type=\"section\" data-settings=\"{&quot;background_background&quot;:&quot;gradient&quot;,&quot;shape_divider_top&quot;:&quot;waves&quot;,&quot;_ha_eqh_enable&quot;:false}\">\n\t\t\t\t\t\t\t<div class=\"elementor-background-overlay\"><\/div>\n\t\t\t\t\t\t<div class=\"elementor-shape elementor-shape-top\" aria-hidden=\"true\" data-negative=\"false\">\n\t\t\t<svg xmlns=\"http:\/\/www.w3.org\/2000\/svg\" viewBox=\"0 0 1000 100\" preserveAspectRatio=\"none\">\n\t<path class=\"elementor-shape-fill\" d=\"M421.9,6.5c22.6-2.5,51.5,0.4,75.5,5.3c23.6,4.9,70.9,23.5,100.5,35.7c75.8,32.2,133.7,44.5,192.6,49.7\n\tc23.6,2.1,48.7,3.5,103.4-2.5c54.7-6,106.2-25.6,106.2-25.6V0H0v30.3c0,0,72,32.6,158.4,30.5c39.2-0.7,92.8-6.7,134-22.4\n\tc21.2-8.1,52.2-18.2,79.7-24.2C399.3,7.9,411.6,7.5,421.9,6.5z\"\/>\n<\/svg>\t\t<\/div>\n\t\t\t\t\t<div class=\"elementor-container elementor-column-gap-default\">\n\t\t\t\t\t<div class=\"elementor-column elementor-col-50 elementor-top-column elementor-element elementor-element-8b47266\" data-id=\"8b47266\" data-element_type=\"column\">\n\t\t\t<div class=\"elementor-widget-wrap elementor-element-populated\">\n\t\t\t\t\t\t<div class=\"elementor-element elementor-element-765493a elementor-grid-2 elementor-posts--align-center elementor-grid-tablet-2 elementor-grid-mobile-1 elementor-posts--thumbnail-top elementor-card-shadow-yes elementor-posts__hover-gradient elementor-widget elementor-widget-posts\" data-id=\"765493a\" data-element_type=\"widget\" data-settings=\"{&quot;cards_columns&quot;:&quot;2&quot;,&quot;cards_row_gap&quot;:{&quot;unit&quot;:&quot;px&quot;,&quot;size&quot;:&quot;30&quot;,&quot;sizes&quot;:[]},&quot;cards_columns_tablet&quot;:&quot;2&quot;,&quot;cards_columns_mobile&quot;:&quot;1&quot;,&quot;cards_row_gap_tablet&quot;:{&quot;unit&quot;:&quot;px&quot;,&quot;size&quot;:&quot;&quot;,&quot;sizes&quot;:[]},&quot;cards_row_gap_mobile&quot;:{&quot;unit&quot;:&quot;px&quot;,&quot;size&quot;:&quot;&quot;,&quot;sizes&quot;:[]}}\" data-widget_type=\"posts.cards\">\n\t\t\t\t<div class=\"elementor-widget-container\">\n\t\t\t\t\t\t\t<div class=\"elementor-posts-container elementor-posts elementor-posts--skin-cards elementor-grid\" role=\"list\">\n\t\t\t\t<article class=\"elementor-post elementor-grid-item post-1253 post type-post status-publish format-standard has-post-thumbnail hentry category-philosophie tag-philosophie\" role=\"listitem\">\n\t\t\t<div class=\"elementor-post__card\">\n\t\t\t\t<a class=\"elementor-post__thumbnail__link\" href=\"https:\/\/festivaldelinde.org\/fr\/un-festin-dans-la-demeure-dadvaita-acarya\/\" tabindex=\"-1\" target=\"_blank\"><div class=\"elementor-post__thumbnail\"><img fetchpriority=\"high\" decoding=\"async\" width=\"168\" height=\"300\" src=\"https:\/\/festivaldelinde.org\/fr\/wp-content\/uploads\/philosophie\/repas-advaita-168x300.jpg\" class=\"attachment-medium size-medium wp-image-1037\" alt=\"\" srcset=\"https:\/\/festivaldelinde.org\/fr\/wp-content\/uploads\/philosophie\/repas-advaita-168x300.jpg 168w, https:\/\/festivaldelinde.org\/fr\/wp-content\/uploads\/philosophie\/repas-advaita-574x1024.jpg 574w, https:\/\/festivaldelinde.org\/fr\/wp-content\/uploads\/philosophie\/repas-advaita.jpg 717w\" sizes=\"(max-width: 168px) 100vw, 168px\" \/><\/div><\/a>\n\t\t\t\t<div class=\"elementor-post__badge\">Philosophie<\/div>\n\t\t\t\t<div class=\"elementor-post__text\">\n\t\t\t\t<h3 class=\"elementor-post__title\">\n\t\t\t<a href=\"https:\/\/festivaldelinde.org\/fr\/un-festin-dans-la-demeure-dadvaita-acarya\/\" target=&quot;_blank&quot;>\n\t\t\t\tUn festin dans la Demeure d&#8217;Adva\u00efta Acarya\t\t\t<\/a>\n\t\t<\/h3>\n\t\t\t\t<\/div>\n\t\t\t\t<div class=\"elementor-post__meta-data\">\n\t\t\t\t\t<span class=\"elementor-post-author\">\n\t\t\tDavid FRAPET\t\t<\/span>\n\t\t\t\t<\/div>\n\t\t\t\t\t<\/div>\n\t\t<\/article>\n\t\t\t\t<article class=\"elementor-post elementor-grid-item post-1254 post type-post status-publish format-standard has-post-thumbnail hentry category-philosophie tag-philosophie\" role=\"listitem\">\n\t\t\t<div class=\"elementor-post__card\">\n\t\t\t\t<a class=\"elementor-post__thumbnail__link\" href=\"https:\/\/festivaldelinde.org\/fr\/le-nettoyage-du-temple-gundica\/\" tabindex=\"-1\" target=\"_blank\"><div class=\"elementor-post__thumbnail\"><img decoding=\"async\" width=\"300\" height=\"186\" src=\"https:\/\/festivaldelinde.org\/fr\/wp-content\/uploads\/philosophie\/gundicha-mandira-marjana-300x186.jpg\" class=\"attachment-medium size-medium wp-image-1078\" alt=\"\" srcset=\"https:\/\/festivaldelinde.org\/fr\/wp-content\/uploads\/philosophie\/gundicha-mandira-marjana-300x186.jpg 300w, https:\/\/festivaldelinde.org\/fr\/wp-content\/uploads\/philosophie\/gundicha-mandira-marjana-768x475.jpg 768w, https:\/\/festivaldelinde.org\/fr\/wp-content\/uploads\/philosophie\/gundicha-mandira-marjana.jpg 840w\" sizes=\"(max-width: 300px) 100vw, 300px\" \/><\/div><\/a>\n\t\t\t\t<div class=\"elementor-post__badge\">Philosophie<\/div>\n\t\t\t\t<div class=\"elementor-post__text\">\n\t\t\t\t<h3 class=\"elementor-post__title\">\n\t\t\t<a href=\"https:\/\/festivaldelinde.org\/fr\/le-nettoyage-du-temple-gundica\/\" target=&quot;_blank&quot;>\n\t\t\t\tLe Nettoyage du Temple Gundi\u00e7a\t\t\t<\/a>\n\t\t<\/h3>\n\t\t\t\t<\/div>\n\t\t\t\t<div class=\"elementor-post__meta-data\">\n\t\t\t\t\t<span class=\"elementor-post-author\">\n\t\t\tDavid FRAPET\t\t<\/span>\n\t\t\t\t<\/div>\n\t\t\t\t\t<\/div>\n\t\t<\/article>\n\t\t\t\t<\/div>\n\t\t\n\t\t\t\t\t\t<\/div>\n\t\t\t\t<\/div>\n\t\t\t\t\t<\/div>\n\t\t<\/div>\n\t\t\t\t<div class=\"elementor-column elementor-col-50 elementor-top-column elementor-element elementor-element-0bce9ea\" data-id=\"0bce9ea\" data-element_type=\"column\">\n\t\t\t<div class=\"elementor-widget-wrap elementor-element-populated\">\n\t\t\t\t\t\t<div class=\"elementor-element elementor-element-f698392 elementor-widget elementor-widget-image\" data-id=\"f698392\" data-element_type=\"widget\" data-settings=\"{&quot;motion_fx_motion_fx_scrolling&quot;:&quot;yes&quot;,&quot;motion_fx_translateY_effect&quot;:&quot;yes&quot;,&quot;motion_fx_translateY_direction&quot;:&quot;negative&quot;,&quot;motion_fx_translateY_speed&quot;:{&quot;unit&quot;:&quot;px&quot;,&quot;size&quot;:&quot;1&quot;,&quot;sizes&quot;:[]},&quot;motion_fx_devices&quot;:[&quot;desktop&quot;,&quot;tablet&quot;],&quot;motion_fx_translateY_affectedRange&quot;:{&quot;unit&quot;:&quot;%&quot;,&quot;size&quot;:&quot;&quot;,&quot;sizes&quot;:{&quot;start&quot;:&quot;0&quot;,&quot;end&quot;:&quot;50&quot;}}}\" data-widget_type=\"image.default\">\n\t\t\t\t<div class=\"elementor-widget-container\">\n\t\t\t\t\t\t\t\t\t\t\t\t\t\t\t<img decoding=\"async\" width=\"539\" height=\"539\" src=\"https:\/\/festivaldelinde.org\/fr\/wp-content\/uploads\/footer\/sp-paris.jpg\" class=\"attachment-full size-full wp-image-1690\" alt=\"\" srcset=\"https:\/\/festivaldelinde.org\/fr\/wp-content\/uploads\/footer\/sp-paris.jpg 539w, https:\/\/festivaldelinde.org\/fr\/wp-content\/uploads\/footer\/sp-paris-300x300.jpg 300w, https:\/\/festivaldelinde.org\/fr\/wp-content\/uploads\/footer\/sp-paris-150x150.jpg 150w\" sizes=\"(max-width: 539px) 100vw, 539px\" \/>\t\t\t\t\t\t\t\t\t\t\t\t\t\t\t<\/div>\n\t\t\t\t<\/div>\n\t\t\t\t\t<\/div>\n\t\t<\/div>\n\t\t\t\t\t<\/div>\n\t\t<\/section>\n\t\t\t\t<\/div>\n\t\t","protected":false},"excerpt":{"rendered":"<p>Srila Prabhupada Srila Prabhupada naquit Abhay Charan De le 1er<\/p>\n","protected":false},"author":1,"featured_media":0,"parent":0,"menu_order":0,"comment_status":"closed","ping_status":"closed","template":"","meta":{"footnotes":""},"class_list":["post-1866","page","type-page","status-publish","hentry"],"_links":{"self":[{"href":"https:\/\/festivaldelinde.org\/fr\/wp-json\/wp\/v2\/pages\/1866","targetHints":{"allow":["GET"]}}],"collection":[{"href":"https:\/\/festivaldelinde.org\/fr\/wp-json\/wp\/v2\/pages"}],"about":[{"href":"https:\/\/festivaldelinde.org\/fr\/wp-json\/wp\/v2\/types\/page"}],"author":[{"embeddable":true,"href":"https:\/\/festivaldelinde.org\/fr\/wp-json\/wp\/v2\/users\/1"}],"replies":[{"embeddable":true,"href":"https:\/\/festivaldelinde.org\/fr\/wp-json\/wp\/v2\/comments?post=1866"}],"version-history":[{"count":0,"href":"https:\/\/festivaldelinde.org\/fr\/wp-json\/wp\/v2\/pages\/1866\/revisions"}],"wp:attachment":[{"href":"https:\/\/festivaldelinde.org\/fr\/wp-json\/wp\/v2\/media?parent=1866"}],"curies":[{"name":"wp","href":"https:\/\/api.w.org\/{rel}","templated":true}]}}